{"id":6136,"date":"2016-11-01T00:00:05","date_gmt":"2016-11-01T00:00:05","guid":{"rendered":"http:\/\/www.latorre.cat\/ubicacion-y-accesos\/"},"modified":"2020-03-24T19:56:58","modified_gmt":"2020-03-24T19:56:58","slug":"ubicacion-y-accesos","status":"publish","type":"page","link":"https:\/\/www.latorre.cat\/es\/contacto-y-ubicacion\/ubicacion-y-accesos\/","title":{"rendered":"Ubicaci\u00f3n y accesos"},"content":{"rendered":"<p><div class=\"fusion-fullwidth fullwidth-box fusion-builder-row-1 nonhundred-percent-fullwidth non-hundred-percent-height-scrolling\" style=\"--awb-border-radius-top-left:0px;--awb-border-radius-top-right:0px;--awb-border-radius-bottom-right:0px;--awb-border-radius-bottom-left:0px;--awb-margin-top:35px;--awb-margin-bottom:0px;--awb-flex-wrap:wrap;\" ><div class=\"fusion-builder-row fusion-row\"><div class=\"fusion-layout-column fusion_builder_column fusion-builder-column-0 fusion_builder_column_1_1 1_1 fusion-one-full fusion-column-first fusion-column-last\" style=\"--awb-bg-size:cover;\"><div class=\"fusion-column-wrapper fusion-flex-column-wrapper-legacy\"><div class=\"fusion-title title fusion-title-1 fusion-sep-none fusion-title-text fusion-title-size-one\" style=\"--awb-sep-color:#81d742;\"><h1 class=\"fusion-title-heading title-heading-left fusion-responsive-typography-calculated\" style=\"margin:0;--fontSize:70;line-height:1.07;\">Ubicaci\u00f3n y accesos<\/h1><\/div><div class=\"fusion-sep-clear\"><\/div><div class=\"fusion-separator fusion-full-width-sep\" style=\"margin-left: auto;margin-right: auto;margin-top:5px;margin-bottom:15px;width:100%;\"><div class=\"fusion-separator-border sep-single sep-solid\" style=\"--awb-height:20px;--awb-amount:20px;border-color:#d7e6ef;border-top-width:1px;\"><\/div><\/div><div class=\"fusion-sep-clear\"><\/div><div class=\"fusion-text fusion-text-1\"><p style=\"font-size: 1px; height: 1px !important;\">\u00b7<\/p>\n<\/div><div class=\"fusion-menu-anchor\" id=\"inici\"><\/div><div class=\"fusion-clearfix\"><\/div><\/div><\/div><\/div><\/div><div class=\"fusion-fullwidth fullwidth-box fusion-builder-row-2 nonhundred-percent-fullwidth non-hundred-percent-height-scrolling\" style=\"--awb-background-position:left top;--awb-border-radius-top-left:0px;--awb-border-radius-top-right:0px;--awb-border-radius-bottom-right:0px;--awb-border-radius-bottom-left:0px;--awb-margin-top:0px;--awb-margin-bottom:0px;--awb-flex-wrap:wrap;\" ><div class=\"fusion-builder-row fusion-row\"><div class=\"fusion-layout-column fusion_builder_column fusion-builder-column-1 fusion_builder_column_1_2 1_2 fusion-one-half fusion-column-first text_Lato_300_italic\" style=\"--awb-padding-top:10px;--awb-padding-right:10px;--awb-padding-bottom:10px;--awb-padding-left:10px;--awb-bg-size:cover;--awb-border-color:#81d742;--awb-border-top:0px;--awb-border-right:0px;--awb-border-bottom:0px;--awb-border-left:0px;--awb-border-style:solid;--awb-margin-bottom:0px;width:48%; margin-right: 4%;\"><div class=\"fusion-column-wrapper fusion-flex-column-wrapper-legacy\"><div class=\"fusion-text fusion-text-2\"><p><em>El Hotel La Torre se encuentra en la villa marinera de Calella de Palafrugell, en el centro de la Costa Brava y coraz\u00f3n del Baix Empord\u00e0 (Bajo Ampurd\u00e1n), en Catalu\u00f1a.<\/em><\/p>\n<p><em>Situado sobre\u00a0la playa del Canadell, en la\u00a0peque\u00f1a pen\u00ednsula entre Calella de Palafrugell y Llafranc, el Hotel La Torre disfruta de una ubicaci\u00f3n excepcional en\u00a0primera l\u00ednia del mar.<\/em><\/p>\n<p><em>Calella de Palafrugell disfruta de muy\u00a0buenas comunicaciones, tanto en\u00a0transporte privado, como p\u00fablico.<\/em><\/p>\n<\/div><div class=\"fusion-clearfix\"><\/div><\/div><\/div><div class=\"fusion-layout-column fusion_builder_column fusion-builder-column-2 fusion_builder_column_1_2 1_2 fusion-one-half fusion-column-last text_Lato_300_italic\" style=\"--awb-padding-bottom:20px;--awb-padding-left:10px;--awb-bg-size:cover;--awb-border-color:#dd9933;--awb-border-style:solid;width:48%;\"><div class=\"fusion-column-wrapper fusion-flex-column-wrapper-legacy\"><ul style=\"--awb-size:13px;--awb-line-height:22.1px;--awb-icon-width:22.1px;--awb-icon-height:22.1px;--awb-icon-margin:9.1px;--awb-content-margin:31.2px;\" class=\"fusion-checklist fusion-checklist-1 fusion-checklist-default type-icons\"><li class=\"fusion-li-item\" style=\"\"><span class=\"icon-wrapper circle-no\"><i class=\"fusion-li-icon fa fa-check\" aria-hidden=\"true\"><\/i><\/span><div class=\"fusion-li-item-content\">Autopista AP-7: 45 km.<\/div><\/li><li class=\"fusion-li-item\" style=\"\"><span class=\"icon-wrapper circle-no\"><i class=\"fusion-li-icon fa fa-check\" aria-hidden=\"true\"><\/i><\/span><div class=\"fusion-li-item-content\">Estaci\u00f3n AVE de Girona: 46 km.<\/div><\/li><li class=\"fusion-li-item\" style=\"\"><span class=\"icon-wrapper circle-no\"><i class=\"fusion-li-icon fa fa-check\" aria-hidden=\"true\"><\/i><\/span><div class=\"fusion-li-item-content\">Estaci\u00f3n tren convencional Fla\u00e7\u00e0: 29 km.<\/div><\/li><li class=\"fusion-li-item\" style=\"\"><span class=\"icon-wrapper circle-no\"><i class=\"fusion-li-icon fa fa-check\" aria-hidden=\"true\"><\/i><\/span><div class=\"fusion-li-item-content\">Aeropuerto GRN Girona-Costa Brava: 52 km.<\/div><\/li><li class=\"fusion-li-item\" style=\"\"><span class=\"icon-wrapper circle-no\"><i class=\"fusion-li-icon fa fa-check\" aria-hidden=\"true\"><\/i><\/span><div class=\"fusion-li-item-content\">Aeropuerto BCN Barcelona-El Prat: 140 km.<\/div><\/li><li class=\"fusion-li-item\" style=\"\"><span class=\"icon-wrapper circle-no\"><i class=\"fusion-li-icon fa fa-check\" aria-hidden=\"true\"><\/i><\/span><div class=\"fusion-li-item-content\">Estaci\u00f3n BUS \u00abSarfa\u00bb entre Calella y Palafrugell<\/div><\/li><li class=\"fusion-li-item\" style=\"\"><span class=\"icon-wrapper circle-no\"><i class=\"fusion-li-icon fa fa-check\" aria-hidden=\"true\"><\/i><\/span><div class=\"fusion-li-item-content\">Estaci\u00f3n BUS \u00abSarfa\u00bb entre Palafrugell y Barcelona<\/div><\/li><li class=\"fusion-li-item\" style=\"\"><span class=\"icon-wrapper circle-no\"><i class=\"fusion-li-icon fa fa-check\" aria-hidden=\"true\"><\/i><\/span><div class=\"fusion-li-item-content\">Frontera francesa: 88 km.<\/div><\/li><\/ul><div class=\"fusion-clearfix\"><\/div><\/div><\/div><div class=\"fusion-layout-column fusion_builder_column fusion-builder-column-3 fusion_builder_column_1_1 1_1 fusion-one-full fusion-column-first fusion-column-last fusion-column-no-min-height\" style=\"--awb-bg-size:cover;--awb-margin-bottom:0px;\"><div class=\"fusion-column-wrapper fusion-flex-column-wrapper-legacy\"><div class=\"fusion-sep-clear\"><\/div><div class=\"fusion-separator fusion-full-width-sep\" style=\"margin-left: auto;margin-right: auto;margin-top:0px;margin-bottom:30px;width:100%;\"><div class=\"fusion-separator-border sep-single sep-solid\" style=\"--awb-height:20px;--awb-amount:20px;border-color:#d7e6ef;border-top-width:1px;\"><\/div><\/div><div class=\"fusion-sep-clear\"><\/div><div class=\"fusion-text fusion-text-3\"><p style=\"text-align: center; font-size: 16px; margin-bottom: 15px;\"><em>C\u00f3mo llegar: <strong><a href=\"http:\/\/maps.google.com\/maps?f=d&amp;saddr=A9&amp;daddr=42.253934,2.985191+to:Carrer+Sant+Andreu+to:C-31\/Carretera+Gi-653+to:carrer+dels+tres+pins,+17210+Calella+de+Palafrugell,+Palafrugell,+Spain&amp;hl=ca&amp;geocode=FWyDiwIdAq8rAA;;FYKGgQId0JsvAA;FXAhgAIdbk0wAA;&amp;mra=dme&amp;mrcr=0&amp;mrsp=1&amp;sz=12&amp;via=1,2,3&amp;sll=42.23716,3.005447&amp;sspn=0.178947,0.254059&amp;ie=UTF8&amp;ll=42.254951,3.048706&amp;spn=1.431162,2.032471&amp;z=9\" target=\"_blank\" rel=\"noopener noreferrer\">desde el Norte<\/a><\/strong>\u00a0\u2022\u00a0<strong><a href=\"http:\/\/maps.google.com\/maps?f=d&amp;hl=ca&amp;geocode=1089310037845630710,41.551061,2.238463&amp;saddr=41.551756,2.235718&amp;daddr=carrer+dels+tres+pins,+17210+Calella+de+Palafrugell,+Palafrugell,+Spain&amp;mra=dme&amp;mrcr=0&amp;mrsp=0&amp;sz=12&amp;sll=41.554839,2.269363&amp;sspn=0.170849,0.264702&amp;ie=UTF8&amp;ll=41.834781,2.756195&amp;spn=0.494201,0.545197&amp;z=10\" target=\"_blank\" rel=\"noopener noreferrer\">desde el Sur<\/a><\/strong>\u00a0\u2022\u00a0<strong><a href=\"http:\/\/maps.google.com\/maps?f=d&amp;hl=ca&amp;geocode=4431758830057615555,41.551512,2.236591&amp;saddr=41.912497,2.305756&amp;daddr=carrer+dels+tres+pins,+17210+Calella+de+Palafrugell,+Palafrugell,+Spain&amp;mra=dme&amp;mrcr=0&amp;mrsp=0&amp;sz=10&amp;doflg=ptk&amp;sll=41.79384,2.334595&amp;sspn=0.566186,0.902252&amp;ie=UTF8&amp;ll=41.837851,2.750702&amp;spn=0.565797,0.902252&amp;z=10\" target=\"_blank\" rel=\"noopener noreferrer\">desde el Oeste<\/a><\/strong>\u00a0\u2022\u00a0<strong><a href=\"https:\/\/www.google.com\/maps\/place\/Hotel+La+Torre\/@42.0646357,2.0421011,8.45z\/data=!4m5!3m4!1s0x0000000000000000:0x62e4c75a15fca022!8m2!3d41.8885713!4d3.1894617?hl=es\" target=\"_blank\" rel=\"noopener noreferrer\">Mapa completo<\/a><\/strong><\/em><\/p>\n<\/div><div class=\"fusion-clearfix\"><\/div><\/div><\/div><div class=\"fusion-layout-column fusion_builder_column fusion-builder-column-4 fusion_builder_column_1_1 1_1 fusion-one-full fusion-column-first fusion-column-last fusion-column-no-min-height\" style=\"--awb-bg-size:cover;--awb-margin-bottom:0px;\"><div class=\"fusion-column-wrapper fusion-flex-column-wrapper-legacy\">[fusion_map address=\u00bbCarrer dels Tres Pins, 30 &#8211; Calella de Palafrugell, Spain\u00bb type=\u00bbterrain\u00bb width=\u00bb100%\u00bb height=\u00bb400px\u00bb zoom=\u00bb7&#8243; scrollwheel=\u00bbno\u00bb scale=\u00bbyes\u00bb zoom_pancontrol=\u00bbyes\u00bb animation=\u00bbyes\u00bb popup=\u00bbno\u00bb map_style=\u00bbdefault\u00bb infobox_content=\u00bbHotel La Torre\u00bb infobox=\u00bbcustom\u00bb infobox_text_color=\u00bb#ffffff\u00bb infobox_background_color=\u00bb#777777&#8243; hide_on_mobile=\u00bbsmall-visibility,medium-visibility,large-visibility\u00bb \/]<div class=\"fusion-sep-clear\"><\/div><div class=\"fusion-separator fusion-full-width-sep\" style=\"margin-left: auto;margin-right: auto;margin-top:10px;margin-bottom:10px;width:100%;\"><\/div><div class=\"fusion-sep-clear\"><\/div><div class=\"fusion-clearfix\"><\/div><\/div><\/div><\/div><\/div><div class=\"fusion-fullwidth fullwidth-box fusion-builder-row-3 nonhundred-percent-fullwidth non-hundred-percent-height-scrolling\" style=\"--awb-border-radius-top-left:0px;--awb-border-radius-top-right:0px;--awb-border-radius-bottom-right:0px;--awb-border-radius-bottom-left:0px;--awb-flex-wrap:wrap;\" ><div class=\"fusion-builder-row fusion-row\"><div class=\"fusion-layout-column fusion_builder_column fusion-builder-column-5 fusion_builder_column_1_1 1_1 fusion-one-full fusion-column-first fusion-column-last fusion-column-no-min-height\" style=\"--awb-bg-size:cover;--awb-margin-bottom:0px;\"><div class=\"fusion-column-wrapper fusion-flex-column-wrapper-legacy\"><div class=\"fusion-sep-clear\"><\/div><div class=\"fusion-separator fusion-full-width-sep\" style=\"margin-left: auto;margin-right: auto;margin-top:20px;margin-bottom:5px;width:100%;\"><div class=\"fusion-separator-border sep-single sep-solid\" style=\"--awb-height:20px;--awb-amount:20px;border-color:#d7e6ef;border-top-width:1px;\"><\/div><\/div><div class=\"fusion-sep-clear\"><\/div><div class=\"fusion-widget-area awb-widget-area-element fusion-widget-area-1 fusion-content-widget-area\" style=\"--awb-title-size:23px;--awb-title-color:#333333;--awb-padding:5px 5px 5px 5px;\"><div id=\"a2a_share_save_widget-2\" class=\"widget widget_a2a_share_save_widget\" style=\"border-style: solid;border-color:transparent;border-width:0px;\"><div class=\"a2a_kit a2a_kit_size_20 addtoany_list\"><a class=\"a2a_button_facebook_like addtoany_special_service\" data-layout=\"button\" data-href=\"https:\/\/www.latorre.cat\/es\/wp-json\/wp\/v2\/pages\/6136\"><\/a><a class=\"a2a_button_twitter_tweet addtoany_special_service\" data-url=\"https:\/\/www.latorre.cat\/es\/wp-json\/wp\/v2\/pages\/6136\" data-text=\"\"><\/a><a class=\"a2a_button_pinterest_pin addtoany_special_service\" data-pin-config=\"none\" data-url=\"https:\/\/www.latorre.cat\/es\/wp-json\/wp\/v2\/pages\/6136\"><\/a><a class=\"a2a_button_facebook\" href=\"https:\/\/www.addtoany.com\/add_to\/facebook?linkurl=https%3A%2F%2Fwww.latorre.cat%2Fes%2Fwp-json%2Fwp%2Fv2%2Fpages%2F6136&amp;linkname=\" title=\"Facebook\" rel=\"nofollow noopener\" target=\"_blank\"><\/a><a class=\"a2a_button_whatsapp\" href=\"https:\/\/www.addtoany.com\/add_to\/whatsapp?linkurl=https%3A%2F%2Fwww.latorre.cat%2Fes%2Fwp-json%2Fwp%2Fv2%2Fpages%2F6136&amp;linkname=\" title=\"WhatsApp\" rel=\"nofollow noopener\" target=\"_blank\"><\/a><a class=\"a2a_button_email\" href=\"https:\/\/www.addtoany.com\/add_to\/email?linkurl=https%3A%2F%2Fwww.latorre.cat%2Fes%2Fwp-json%2Fwp%2Fv2%2Fpages%2F6136&amp;linkname=\" title=\"Email\" rel=\"nofollow noopener\" target=\"_blank\"><\/a><a class=\"a2a_dd addtoany_share_save addtoany_share\" href=\"https:\/\/www.addtoany.com\/share\"><\/a><\/div><\/div><div class=\"fusion-additional-widget-content\"><\/div><\/div><div class=\"fusion-clearfix\"><\/div><\/div><\/div><\/div><\/div><\/p>\n","protected":false},"excerpt":{"rendered":"","protected":false},"author":1,"featured_media":0,"parent":6138,"menu_order":19,"comment_status":"closed","ping_status":"closed","template":"100-width.php","meta":{"_seopress_robots_primary_cat":"","_seopress_titles_title":"","_seopress_titles_desc":"","_seopress_robots_index":"","footnotes":""},"class_list":["post-6136","page","type-page","status-publish"],"_links":{"self":[{"href":"https:\/\/www.latorre.cat\/es\/wp-json\/wp\/v2\/pages\/6136","targetHints":{"allow":["GET"]}}],"collection":[{"href":"https:\/\/www.latorre.cat\/es\/wp-json\/wp\/v2\/pages"}],"about":[{"href":"https:\/\/www.latorre.cat\/es\/wp-json\/wp\/v2\/types\/page"}],"author":[{"embeddable":true,"href":"https:\/\/www.latorre.cat\/es\/wp-json\/wp\/v2\/users\/1"}],"replies":[{"embeddable":true,"href":"https:\/\/www.latorre.cat\/es\/wp-json\/wp\/v2\/comments?post=6136"}],"version-history":[{"count":0,"href":"https:\/\/www.latorre.cat\/es\/wp-json\/wp\/v2\/pages\/6136\/revisions"}],"up":[{"embeddable":true,"href":"https:\/\/www.latorre.cat\/es\/wp-json\/wp\/v2\/pages\/6138"}],"wp:attachment":[{"href":"https:\/\/www.latorre.cat\/es\/wp-json\/wp\/v2\/media?parent=6136"}],"curies":[{"name":"wp","href":"https:\/\/api.w.org\/{rel}","templated":true}]}}